{"id":98,"date":"2019-05-21T10:59:33","date_gmt":"2019-05-21T10:59:33","guid":{"rendered":"http:\/\/kunstindetuin.com\/?page_id=98"},"modified":"2025-05-12T14:21:12","modified_gmt":"2025-05-12T14:21:12","slug":"kunstenaars-e-t-m-j","status":"publish","type":"page","link":"https:\/\/kunstindetuin.com\/?page_id=98","title":{"rendered":"Kunstenaars E t\/m H"},"content":{"rendered":"\n<hr class=\"wp-block-separator has-alpha-channel-opacity is-style-wide\"\/>\n\n\n\n<p><strong>INKI EN TOINE VAN EIJS<\/strong><br><em>Grafisch werk<\/em><\/p>\n\n\n\n<div class=\"wp-block-columns is-layout-flex wp-container-core-columns-is-layout-9d6595d7 wp-block-columns-is-layout-flex\">\n<div class=\"wp-block-column is-layout-flow wp-block-column-is-layout-flow\">\n<figure class=\"wp-block-image size-full\"><img loading=\"lazy\" decoding=\"async\" width=\"809\" height=\"1024\" src=\"https:\/\/kunstindetuin.com\/wp-content\/uploads\/2025\/05\/Inki1.jpg\" alt=\"\" class=\"wp-image-2272\" srcset=\"https:\/\/kunstindetuin.com\/wp-content\/uploads\/2025\/05\/Inki1.jpg 809w, https:\/\/kunstindetuin.com\/wp-content\/uploads\/2025\/05\/Inki1-237x300.jpg 237w, https:\/\/kunstindetuin.com\/wp-content\/uploads\/2025\/05\/Inki1-768x972.jpg 768w\" sizes=\"auto, (max-width: 767px) 89vw, (max-width: 1000px) 54vw, (max-width: 1071px) 543px, 580px\" \/><\/figure>\n<\/div>\n\n\n\n<div class=\"wp-block-column is-layout-flow wp-block-column-is-layout-flow\">\n<figure class=\"wp-block-image size-full is-resized\"><img loading=\"lazy\" decoding=\"async\" width=\"504\" height=\"761\" src=\"https:\/\/kunstindetuin.com\/wp-content\/uploads\/2025\/05\/Inki4.jpg\" alt=\"\" class=\"wp-image-2273\" style=\"width:169px;height:auto\" srcset=\"https:\/\/kunstindetuin.com\/wp-content\/uploads\/2025\/05\/Inki4.jpg 504w, https:\/\/kunstindetuin.com\/wp-content\/uploads\/2025\/05\/Inki4-199x300.jpg 199w\" sizes=\"auto, (max-width: 504px) 100vw, 504px\" \/><\/figure>\n<\/div>\n\n\n\n<div class=\"wp-block-column is-layout-flow wp-block-column-is-layout-flow\">\n<figure class=\"wp-block-image size-large\"><img loading=\"lazy\" decoding=\"async\" width=\"830\" height=\"1024\" src=\"https:\/\/kunstindetuin.com\/wp-content\/uploads\/2025\/05\/Inki2-830x1024.jpg\" alt=\"\" class=\"wp-image-2274\" srcset=\"https:\/\/kunstindetuin.com\/wp-content\/uploads\/2025\/05\/Inki2-830x1024.jpg 830w, https:\/\/kunstindetuin.com\/wp-content\/uploads\/2025\/05\/Inki2-243x300.jpg 243w, https:\/\/kunstindetuin.com\/wp-content\/uploads\/2025\/05\/Inki2-768x948.jpg 768w, https:\/\/kunstindetuin.com\/wp-content\/uploads\/2025\/05\/Inki2-1245x1536.jpg 1245w, https:\/\/kunstindetuin.com\/wp-content\/uploads\/2025\/05\/Inki2-1659x2048.jpg 1659w, https:\/\/kunstindetuin.com\/wp-content\/uploads\/2025\/05\/Inki2.jpg 2037w\" sizes=\"auto, (max-width: 767px) 89vw, (max-width: 1000px) 54vw, (max-width: 1071px) 543px, 580px\" \/><\/figure>\n<\/div>\n<\/div>\n\n\n\n<p class=\"has-small-font-size\">Een echtpaar dat creatief aan de weg timmert komt maar zelden voor.<br>Het grafische werk is een ambachtelijke techniek en is daarmee uniek, anders dan digitale programma\u2019s die ook<br>toegepast worden.<br>De vrije grafiek is de verzamelnaam voor een aantal druktechnieken &#8211; zoals etsen, zeefdruk houtgravure, lino en litho &#8211; veelal op speciaal zuurvrij papier. Vaak is aan het gedrukte resultaat niet meer te zien dat aan de uiteindelijke afdruk een moeizaam en tijdrovend proces is vooraf gegaan.<br>Bij Inki en Toine is het etsen de hoofdmoot gaan vormen. Het bewerken van koperen en zinken platen met zuren en burijn levert mooie lijnen en vlakken op, die interessante prenten in zwart\/wit en in prachtige kleuren  opleveren. Buitengewoon spannend is het om de afdruk te zien als die onder de etspers uitkomt.<br>Een oud ambacht in een modern jasje.<\/p>\n\n\n\n<p class=\"has-small-font-size\">Voor Inki en Toine is er een ruim kader aan onderwerpen en stijlen, gebaseerd op persoonlijke interesses.<br>Toine wordt vaak ge\u00efnspireerd door berichten en foto\u2019s uit het wereldnieuws; conflicten die hem raken.<br>Zijn etsen zijn niet altijd leuk of vrijblijvend. Inki houdt van de natuur; flora en fauna op kleine leuke etsjes en ook grotere landschappen , alles in warme kleuren.<br>Vanuit hun atelier plannen ze de deelname aan de betere kunstmarkten, voornamelijk in Limburg.<\/p>\n\n\n\n<p class=\"has-small-font-size\">Creatief bezig zijn zet je aan het denken, je blik wordt verruimd en het verrijkt je leven.<\/p>\n\n\n\n<hr class=\"wp-block-separator has-alpha-channel-opacity is-style-wide\"\/>\n\n\n\n<p><strong>FLOORTJE EURLINGS<\/strong><br><em>Handgemaakte tassen uit stof<\/em><\/p>\n\n\n\n<div class=\"wp-block-columns is-layout-flex wp-container-core-columns-is-layout-9d6595d7 wp-block-columns-is-layout-flex\">\n<div class=\"wp-block-column is-layout-flow wp-block-column-is-layout-flow\">\n<figure class=\"wp-block-image size-large\"><img loading=\"lazy\" decoding=\"async\" width=\"1024\" height=\"1024\" src=\"https:\/\/kunstindetuin.com\/wp-content\/uploads\/2024\/05\/xFloortje3-1024x1024.jpg\" alt=\"\" class=\"wp-image-1921\" srcset=\"https:\/\/kunstindetuin.com\/wp-content\/uploads\/2024\/05\/xFloortje3-1024x1024.jpg 1024w, https:\/\/kunstindetuin.com\/wp-content\/uploads\/2024\/05\/xFloortje3-300x300.jpg 300w, https:\/\/kunstindetuin.com\/wp-content\/uploads\/2024\/05\/xFloortje3-150x150.jpg 150w, https:\/\/kunstindetuin.com\/wp-content\/uploads\/2024\/05\/xFloortje3-768x768.jpg 768w, https:\/\/kunstindetuin.com\/wp-content\/uploads\/2024\/05\/xFloortje3-1536x1536.jpg 1536w, https:\/\/kunstindetuin.com\/wp-content\/uploads\/2024\/05\/xFloortje3-100x100.jpg 100w, https:\/\/kunstindetuin.com\/wp-content\/uploads\/2024\/05\/xFloortje3.jpg 2048w\" sizes=\"auto, (max-width: 767px) 89vw, (max-width: 1000px) 54vw, (max-width: 1071px) 543px, 580px\" \/><\/figure>\n<\/div>\n\n\n\n<div class=\"wp-block-column is-layout-flow wp-block-column-is-layout-flow\">\n<figure class=\"wp-block-image size-large\"><img loading=\"lazy\" decoding=\"async\" width=\"1024\" height=\"1024\" src=\"https:\/\/kunstindetuin.com\/wp-content\/uploads\/2023\/04\/Floortje2-1024x1024.jpg\" alt=\"\" class=\"wp-image-1419\" srcset=\"https:\/\/kunstindetuin.com\/wp-content\/uploads\/2023\/04\/Floortje2-1024x1024.jpg 1024w, https:\/\/kunstindetuin.com\/wp-content\/uploads\/2023\/04\/Floortje2-300x300.jpg 300w, https:\/\/kunstindetuin.com\/wp-content\/uploads\/2023\/04\/Floortje2-150x150.jpg 150w, https:\/\/kunstindetuin.com\/wp-content\/uploads\/2023\/04\/Floortje2-768x768.jpg 768w, https:\/\/kunstindetuin.com\/wp-content\/uploads\/2023\/04\/Floortje2-1536x1536.jpg 1536w, https:\/\/kunstindetuin.com\/wp-content\/uploads\/2023\/04\/Floortje2-100x100.jpg 100w, https:\/\/kunstindetuin.com\/wp-content\/uploads\/2023\/04\/Floortje2.jpg 1870w\" sizes=\"auto, (max-width: 767px) 89vw, (max-width: 1000px) 54vw, (max-width: 1071px) 543px, 580px\" \/><\/figure>\n<\/div>\n\n\n\n<div class=\"wp-block-column is-layout-flow wp-block-column-is-layout-flow\">\n<figure class=\"wp-block-image size-large\"><img loading=\"lazy\" decoding=\"async\" width=\"1024\" height=\"1024\" src=\"https:\/\/kunstindetuin.com\/wp-content\/uploads\/2024\/05\/xFloortje1-1024x1024.jpg\" alt=\"\" class=\"wp-image-1923\" srcset=\"https:\/\/kunstindetuin.com\/wp-content\/uploads\/2024\/05\/xFloortje1-1024x1024.jpg 1024w, https:\/\/kunstindetuin.com\/wp-content\/uploads\/2024\/05\/xFloortje1-300x300.jpg 300w, https:\/\/kunstindetuin.com\/wp-content\/uploads\/2024\/05\/xFloortje1-150x150.jpg 150w, https:\/\/kunstindetuin.com\/wp-content\/uploads\/2024\/05\/xFloortje1-768x768.jpg 768w, https:\/\/kunstindetuin.com\/wp-content\/uploads\/2024\/05\/xFloortje1-1536x1536.jpg 1536w, https:\/\/kunstindetuin.com\/wp-content\/uploads\/2024\/05\/xFloortje1-100x100.jpg 100w, https:\/\/kunstindetuin.com\/wp-content\/uploads\/2024\/05\/xFloortje1.jpg 2048w\" sizes=\"auto, (max-width: 767px) 89vw, (max-width: 1000px) 54vw, (max-width: 1071px) 543px, 580px\" \/><\/figure>\n<\/div>\n<\/div>\n\n\n\n<p class=\"has-small-font-size\">Label &#8216;Flora groei&amp;bloei&#8217; is een hobby die is ontstaan n.a.v. mijn eigen persoonlijke ontwikkelingsreis waardoor tassen met mij mee reisden. Achter iedere tas zit een verhaal. <br>Tassen worden liefst intu\u00eftief samen met de klant ontworpen met de mogelijkheid dat persoonlijke tintje d.m.v. een eigen handgemaakte quote, spreuk of label.<br>Het zijn waardevolle cadeautjes. Soms volgt er ook nog een persoonlijke boodschap die tijdens het maken kan ontstaan.<br>Facebook: <a href=\"https:\/\/www.facebook.com\/floragroeienbloei\">Flora groei en bloei<\/a><\/p>\n\n\n\n<hr class=\"wp-block-separator has-alpha-channel-opacity is-style-wide\"\/>\n\n\n\n<p><strong>JONAS FORNAX<\/strong><br><em>Schilderijen<\/em><\/p>\n\n\n\n<div class=\"wp-block-columns is-layout-flex wp-container-core-columns-is-layout-9d6595d7 wp-block-columns-is-layout-flex\">\n<div class=\"wp-block-column is-layout-flow wp-block-column-is-layout-flow\">\n<figure class=\"wp-block-image size-large\"><img loading=\"lazy\" decoding=\"async\" width=\"811\" height=\"1024\" src=\"https:\/\/kunstindetuin.com\/wp-content\/uploads\/2025\/05\/El-Cezeri-door-811x1024.jpg\" alt=\"\" class=\"wp-image-2278\" srcset=\"https:\/\/kunstindetuin.com\/wp-content\/uploads\/2025\/05\/El-Cezeri-door-811x1024.jpg 811w, https:\/\/kunstindetuin.com\/wp-content\/uploads\/2025\/05\/El-Cezeri-door-238x300.jpg 238w, https:\/\/kunstindetuin.com\/wp-content\/uploads\/2025\/05\/El-Cezeri-door-768x969.jpg 768w, https:\/\/kunstindetuin.com\/wp-content\/uploads\/2025\/05\/El-Cezeri-door-1217x1536.jpg 1217w, https:\/\/kunstindetuin.com\/wp-content\/uploads\/2025\/05\/El-Cezeri-door.jpg 1611w\" sizes=\"auto, (max-width: 767px) 89vw, (max-width: 1000px) 54vw, (max-width: 1071px) 543px, 580px\" \/><\/figure>\n<\/div>\n\n\n\n<div class=\"wp-block-column is-layout-flow wp-block-column-is-layout-flow\">\n<figure class=\"wp-block-image size-full\"><img loading=\"lazy\" decoding=\"async\" width=\"960\" height=\"728\" src=\"https:\/\/kunstindetuin.com\/wp-content\/uploads\/2025\/05\/Jonas1.jpg\" alt=\"\" class=\"wp-image-2277\" srcset=\"https:\/\/kunstindetuin.com\/wp-content\/uploads\/2025\/05\/Jonas1.jpg 960w, https:\/\/kunstindetuin.com\/wp-content\/uploads\/2025\/05\/Jonas1-300x228.jpg 300w, https:\/\/kunstindetuin.com\/wp-content\/uploads\/2025\/05\/Jonas1-768x582.jpg 768w\" sizes=\"auto, (max-width: 767px) 89vw, (max-width: 1000px) 54vw, (max-width: 1071px) 543px, 580px\" \/><\/figure>\n<\/div>\n<\/div>\n\n\n\n<p class=\"has-small-font-size\">Jonas Fornax schildert werken met een verbeelding die gevoed is door mythologie, symboliek en religie.&nbsp;<br>Kijk op Instagram voor meer informatie.<br><br>Facebook: <a href=\"https:\/\/www.instagram.com\/jonasfornax\/\">Jonas Fornax<\/a><\/p>\n\n\n\n<hr class=\"wp-block-separator has-alpha-channel-opacity is-style-wide\"\/>\n\n\n\n<p><strong>ELLY FRANKEN<\/strong><br><em>Hoeden, tassen (o.a. met ecroprint), viltwerk en sieraden<\/em><\/p>\n\n\n\n<div class=\"wp-block-columns is-layout-flex wp-container-core-columns-is-layout-9d6595d7 wp-block-columns-is-layout-flex\">\n<div class=\"wp-block-column is-layout-flow wp-block-column-is-layout-flow\">\n<figure class=\"wp-block-image size-large\"><img loading=\"lazy\" decoding=\"async\" width=\"765\" height=\"1024\" src=\"https:\/\/kunstindetuin.com\/wp-content\/uploads\/2025\/05\/IMG_0038-765x1024.jpg\" alt=\"\" class=\"wp-image-2281\" srcset=\"https:\/\/kunstindetuin.com\/wp-content\/uploads\/2025\/05\/IMG_0038-765x1024.jpg 765w, https:\/\/kunstindetuin.com\/wp-content\/uploads\/2025\/05\/IMG_0038-224x300.jpg 224w, https:\/\/kunstindetuin.com\/wp-content\/uploads\/2025\/05\/IMG_0038-768x1028.jpg 768w, https:\/\/kunstindetuin.com\/wp-content\/uploads\/2025\/05\/IMG_0038-1147x1536.jpg 1147w, https:\/\/kunstindetuin.com\/wp-content\/uploads\/2025\/05\/IMG_0038-1530x2048.jpg 1530w, https:\/\/kunstindetuin.com\/wp-content\/uploads\/2025\/05\/IMG_0038-scaled.jpg 1912w\" sizes=\"auto, (max-width: 706px) 89vw, (max-width: 767px) 82vw, 740px\" \/><\/figure>\n<\/div>\n\n\n\n<div class=\"wp-block-column is-layout-flow wp-block-column-is-layout-flow\">\n<figure class=\"wp-block-image size-large\"><img loading=\"lazy\" decoding=\"async\" width=\"913\" height=\"1024\" src=\"https:\/\/kunstindetuin.com\/wp-content\/uploads\/2025\/05\/IMG_0158-913x1024.jpeg\" alt=\"\" class=\"wp-image-2282\" srcset=\"https:\/\/kunstindetuin.com\/wp-content\/uploads\/2025\/05\/IMG_0158-913x1024.jpeg 913w, https:\/\/kunstindetuin.com\/wp-content\/uploads\/2025\/05\/IMG_0158-268x300.jpeg 268w, https:\/\/kunstindetuin.com\/wp-content\/uploads\/2025\/05\/IMG_0158-768x861.jpeg 768w, https:\/\/kunstindetuin.com\/wp-content\/uploads\/2025\/05\/IMG_0158-1370x1536.jpeg 1370w, https:\/\/kunstindetuin.com\/wp-content\/uploads\/2025\/05\/IMG_0158.jpeg 1696w\" sizes=\"auto, (max-width: 767px) 89vw, (max-width: 1000px) 54vw, (max-width: 1071px) 543px, 580px\" \/><\/figure>\n<\/div>\n\n\n\n<div class=\"wp-block-column is-layout-flow wp-block-column-is-layout-flow\">\n<figure class=\"wp-block-image size-large\"><img loading=\"lazy\" decoding=\"async\" width=\"554\" height=\"1024\" src=\"https:\/\/kunstindetuin.com\/wp-content\/uploads\/2025\/05\/Elly1-554x1024.jpg\" alt=\"\" class=\"wp-image-2283\" srcset=\"https:\/\/kunstindetuin.com\/wp-content\/uploads\/2025\/05\/Elly1-554x1024.jpg 554w, https:\/\/kunstindetuin.com\/wp-content\/uploads\/2025\/05\/Elly1-162x300.jpg 162w, https:\/\/kunstindetuin.com\/wp-content\/uploads\/2025\/05\/Elly1-768x1419.jpg 768w, https:\/\/kunstindetuin.com\/wp-content\/uploads\/2025\/05\/Elly1-831x1536.jpg 831w, https:\/\/kunstindetuin.com\/wp-content\/uploads\/2025\/05\/Elly1-1108x2048.jpg 1108w, https:\/\/kunstindetuin.com\/wp-content\/uploads\/2025\/05\/Elly1-scaled.jpg 1385w\" sizes=\"auto, (max-width: 554px) 100vw, 554px\" \/><\/figure>\n<\/div>\n<\/div>\n\n\n\n<p class=\"has-small-font-size\">&#8220;Ik houd me graag bezig met alles wat te maken heeft met textiele Werkvormen. Van jongs af maakte ik mijn eigen kleding en doe dat nog altijd.<br>Na een opleiding tot Hoedenmodiste heb ik cursussen gevolgd in leerbewerking. Ik maak tassen van diverse materialen.&nbsp;<br>Vorig jaar heb ik een workshop eco print op leer gevolgd en ik pas dat nu toe in mijn werk.<br>Ook werk ik met wolvilt vaak in combinatie met zijde voor sjaals en hoeden.&#8221;<br>Facebook: <a href=\"https:\/\/www.facebook.com\/elly.franken.7\">Elly Franken<\/a><\/p>\n\n\n\n<hr class=\"wp-block-separator has-alpha-channel-opacity is-style-wide\"\/>\n\n\n\n<p><strong>MARQUERITE GEURTS<\/strong><br><em>Voorwerpen van epoxy; sieraden van zilver of goud, met stenen en parels<\/em><\/p>\n\n\n\n<div class=\"wp-block-columns is-layout-flex wp-container-core-columns-is-layout-9d6595d7 wp-block-columns-is-layout-flex\">\n<div class=\"wp-block-column is-layout-flow wp-block-column-is-layout-flow\">\n<figure class=\"wp-block-image size-large\"><img loading=\"lazy\" decoding=\"async\" width=\"1024\" height=\"913\" src=\"https:\/\/kunstindetuin.com\/wp-content\/uploads\/2024\/05\/20231111_130447-1024x913.jpg\" alt=\"\" class=\"wp-image-1876\" srcset=\"https:\/\/kunstindetuin.com\/wp-content\/uploads\/2024\/05\/20231111_130447-1024x913.jpg 1024w, https:\/\/kunstindetuin.com\/wp-content\/uploads\/2024\/05\/20231111_130447-300x268.jpg 300w, https:\/\/kunstindetuin.com\/wp-content\/uploads\/2024\/05\/20231111_130447-768x685.jpg 768w, https:\/\/kunstindetuin.com\/wp-content\/uploads\/2024\/05\/20231111_130447-1536x1370.jpg 1536w, https:\/\/kunstindetuin.com\/wp-content\/uploads\/2024\/05\/20231111_130447-2048x1827.jpg 2048w\" sizes=\"auto, (max-width: 767px) 89vw, (max-width: 1000px) 54vw, (max-width: 1071px) 543px, 580px\" \/><\/figure>\n<\/div>\n\n\n\n<div class=\"wp-block-column is-layout-flow wp-block-column-is-layout-flow\">\n<figure class=\"wp-block-image size-large\"><img loading=\"lazy\" decoding=\"async\" width=\"1024\" height=\"1024\" src=\"https:\/\/kunstindetuin.com\/wp-content\/uploads\/2024\/05\/xGeurts2-1-1024x1024.jpg\" alt=\"\" class=\"wp-image-1879\" srcset=\"https:\/\/kunstindetuin.com\/wp-content\/uploads\/2024\/05\/xGeurts2-1-1024x1024.jpg 1024w, https:\/\/kunstindetuin.com\/wp-content\/uploads\/2024\/05\/xGeurts2-1-300x300.jpg 300w, https:\/\/kunstindetuin.com\/wp-content\/uploads\/2024\/05\/xGeurts2-1-150x150.jpg 150w, https:\/\/kunstindetuin.com\/wp-content\/uploads\/2024\/05\/xGeurts2-1-768x768.jpg 768w, https:\/\/kunstindetuin.com\/wp-content\/uploads\/2024\/05\/xGeurts2-1-1536x1536.jpg 1536w, https:\/\/kunstindetuin.com\/wp-content\/uploads\/2024\/05\/xGeurts2-1-2048x2048.jpg 2048w, https:\/\/kunstindetuin.com\/wp-content\/uploads\/2024\/05\/xGeurts2-1-100x100.jpg 100w\" sizes=\"auto, (max-width: 767px) 89vw, (max-width: 1000px) 54vw, (max-width: 1071px) 543px, 580px\" \/><\/figure>\n<\/div>\n\n\n\n<div class=\"wp-block-column is-layout-flow wp-block-column-is-layout-flow\">\n<figure class=\"wp-block-image size-large is-resized\"><img loading=\"lazy\" decoding=\"async\" width=\"576\" height=\"1024\" src=\"https:\/\/kunstindetuin.com\/wp-content\/uploads\/2024\/05\/xGeurts1-1-576x1024.jpg\" alt=\"\" class=\"wp-image-1880\" style=\"width:165px;height:auto\" srcset=\"https:\/\/kunstindetuin.com\/wp-content\/uploads\/2024\/05\/xGeurts1-1-576x1024.jpg 576w, https:\/\/kunstindetuin.com\/wp-content\/uploads\/2024\/05\/xGeurts1-1-169x300.jpg 169w, https:\/\/kunstindetuin.com\/wp-content\/uploads\/2024\/05\/xGeurts1-1-768x1365.jpg 768w, https:\/\/kunstindetuin.com\/wp-content\/uploads\/2024\/05\/xGeurts1-1-864x1536.jpg 864w, https:\/\/kunstindetuin.com\/wp-content\/uploads\/2024\/05\/xGeurts1-1-1152x2048.jpg 1152w, https:\/\/kunstindetuin.com\/wp-content\/uploads\/2024\/05\/xGeurts1-1-scaled.jpg 1440w\" sizes=\"auto, (max-width: 576px) 100vw, 576px\" \/><\/figure>\n<\/div>\n<\/div>\n\n\n\n<p class=\"has-small-font-size\">Ongeveer 15 jaar geleden ben ik gestart met edelsmeden maar inmiddels vervaardig ik ook nieuwe sieraden van oud goud of zilver. Hierbij ga ik niet uit van een ontwerp, maar vervaardig een sieraad naar wens op geleide van mijn intu\u00eftie. Hierdoor ontstaan sieraden die meteen ook een verhaal.<br>Tijdens de coronapandemie ben ik gestart met het vervaardigen van voorwerpen en sieraden van epoxyhars. Ook deze voorwerpen worden, weliswaar met behulp van een mal, geheel intu\u00eftief vervaardigd.<br>Facebook: <a rel=\"noreferrer noopener\" href=\"https:\/\/www.facebook.com\/380880335419328\" target=\"_blank\">Klein kadoo, sieraden uit eigen atelier<\/a><\/p>\n\n\n\n<hr class=\"wp-block-separator has-alpha-channel-opacity is-style-wide\"\/>\n\n\n\n<p><strong>MIRIAM GIESEN EN ARTHUR REULEAUX<\/strong><br><em>Wandobjecten<\/em><\/p>\n\n\n\n<div class=\"wp-block-columns is-layout-flex wp-container-core-columns-is-layout-9d6595d7 wp-block-columns-is-layout-flex\">\n<div class=\"wp-block-column is-layout-flow wp-block-column-is-layout-flow\">\n<figure class=\"wp-block-image size-large\"><img loading=\"lazy\" decoding=\"async\" width=\"557\" height=\"1024\" src=\"https:\/\/kunstindetuin.com\/wp-content\/uploads\/2025\/05\/Mirjam1-1-557x1024.jpg\" alt=\"\" class=\"wp-image-2428\" srcset=\"https:\/\/kunstindetuin.com\/wp-content\/uploads\/2025\/05\/Mirjam1-1-557x1024.jpg 557w, https:\/\/kunstindetuin.com\/wp-content\/uploads\/2025\/05\/Mirjam1-1-163x300.jpg 163w, https:\/\/kunstindetuin.com\/wp-content\/uploads\/2025\/05\/Mirjam1-1-768x1413.jpg 768w, https:\/\/kunstindetuin.com\/wp-content\/uploads\/2025\/05\/Mirjam1-1-835x1536.jpg 835w, https:\/\/kunstindetuin.com\/wp-content\/uploads\/2025\/05\/Mirjam1-1.jpg 1080w\" sizes=\"auto, (max-width: 557px) 100vw, 557px\" \/><\/figure>\n<\/div>\n\n\n\n<div class=\"wp-block-column is-layout-flow wp-block-column-is-layout-flow\">\n<figure class=\"wp-block-image size-large\"><img loading=\"lazy\" decoding=\"async\" width=\"784\" height=\"1024\" src=\"https:\/\/kunstindetuin.com\/wp-content\/uploads\/2025\/05\/Mirjam2-1-784x1024.jpg\" alt=\"\" class=\"wp-image-2429\" srcset=\"https:\/\/kunstindetuin.com\/wp-content\/uploads\/2025\/05\/Mirjam2-1-784x1024.jpg 784w, https:\/\/kunstindetuin.com\/wp-content\/uploads\/2025\/05\/Mirjam2-1-230x300.jpg 230w, https:\/\/kunstindetuin.com\/wp-content\/uploads\/2025\/05\/Mirjam2-1-768x1003.jpg 768w, https:\/\/kunstindetuin.com\/wp-content\/uploads\/2025\/05\/Mirjam2-1.jpg 1080w\" sizes=\"auto, (max-width: 767px) 89vw, (max-width: 1000px) 54vw, (max-width: 1071px) 543px, 580px\" \/><\/figure>\n<\/div>\n\n\n\n<div class=\"wp-block-column is-layout-flow wp-block-column-is-layout-flow\">\n<figure class=\"wp-block-image size-large\"><img loading=\"lazy\" decoding=\"async\" width=\"788\" height=\"1024\" src=\"https:\/\/kunstindetuin.com\/wp-content\/uploads\/2025\/05\/Mirjam3-1-788x1024.jpg\" alt=\"\" class=\"wp-image-2430\" srcset=\"https:\/\/kunstindetuin.com\/wp-content\/uploads\/2025\/05\/Mirjam3-1-788x1024.jpg 788w, https:\/\/kunstindetuin.com\/wp-content\/uploads\/2025\/05\/Mirjam3-1-231x300.jpg 231w, https:\/\/kunstindetuin.com\/wp-content\/uploads\/2025\/05\/Mirjam3-1-768x998.jpg 768w, https:\/\/kunstindetuin.com\/wp-content\/uploads\/2025\/05\/Mirjam3-1.jpg 1080w\" sizes=\"auto, (max-width: 767px) 89vw, (max-width: 1000px) 54vw, (max-width: 1071px) 543px, 580px\" \/><\/figure>\n<\/div>\n<\/div>\n\n\n\n<p class=\"has-small-font-size\">MirArt staat voor de combinatie van het koppel Miriam Giesen en Arthur Reuleaux.<br>Wij maken met name grote wandobjecten van betoncir\u00e9 en hout.\u00a0 De ondergrond van betoncir\u00e9 geeft een unieke rauwe industri\u00eble uitstraling met een mooi reli\u00ebf. Nieuw zijn de lijsten van staal.\u00a0<br>Onze werken worden gekenmerkt door weinig kleurgebruik en organische vormen.<br>De wandobjecten kunnen zowel staand geplaatst worden als hangend.\u00a0<br>Website <a href=\"https:\/\/wwwatelierbrocantede.webshopapp.com\/nl\/\">www.mirart.gallery<\/a>\u00a0<\/p>\n\n\n\n<hr class=\"wp-block-separator has-alpha-channel-opacity is-style-wide\"\/>\n\n\n\n<p><strong>SUZANNE VAN GOMPEL<\/strong><br><em>Abstracte schilderijen, bijzettafels en handgemaakte onderzetters<\/em><\/p>\n\n\n\n<div class=\"wp-block-columns is-layout-flex wp-container-core-columns-is-layout-9d6595d7 wp-block-columns-is-layout-flex\">\n<div class=\"wp-block-column is-layout-flow wp-block-column-is-layout-flow\">\n<figure class=\"wp-block-image size-full\"><img loading=\"lazy\" decoding=\"async\" width=\"800\" height=\"800\" src=\"https:\/\/kunstindetuin.com\/wp-content\/uploads\/2024\/05\/xAutumnlijst3_edited.jpg\" alt=\"\" class=\"wp-image-1887\" srcset=\"https:\/\/kunstindetuin.com\/wp-content\/uploads\/2024\/05\/xAutumnlijst3_edited.jpg 800w, https:\/\/kunstindetuin.com\/wp-content\/uploads\/2024\/05\/xAutumnlijst3_edited-300x300.jpg 300w, https:\/\/kunstindetuin.com\/wp-content\/uploads\/2024\/05\/xAutumnlijst3_edited-150x150.jpg 150w, https:\/\/kunstindetuin.com\/wp-content\/uploads\/2024\/05\/xAutumnlijst3_edited-768x768.jpg 768w, https:\/\/kunstindetuin.com\/wp-content\/uploads\/2024\/05\/xAutumnlijst3_edited-100x100.jpg 100w\" sizes=\"auto, (max-width: 767px) 89vw, (max-width: 1000px) 54vw, (max-width: 1071px) 543px, 580px\" \/><\/figure>\n<\/div>\n\n\n\n<div class=\"wp-block-column is-layout-flow wp-block-column-is-layout-flow\">\n<figure class=\"wp-block-image size-full\"><img loading=\"lazy\" decoding=\"async\" width=\"800\" height=\"800\" src=\"https:\/\/kunstindetuin.com\/wp-content\/uploads\/2024\/05\/xouterspace.jpg\" alt=\"\" class=\"wp-image-1888\" srcset=\"https:\/\/kunstindetuin.com\/wp-content\/uploads\/2024\/05\/xouterspace.jpg 800w, https:\/\/kunstindetuin.com\/wp-content\/uploads\/2024\/05\/xouterspace-300x300.jpg 300w, https:\/\/kunstindetuin.com\/wp-content\/uploads\/2024\/05\/xouterspace-150x150.jpg 150w, https:\/\/kunstindetuin.com\/wp-content\/uploads\/2024\/05\/xouterspace-768x768.jpg 768w, https:\/\/kunstindetuin.com\/wp-content\/uploads\/2024\/05\/xouterspace-100x100.jpg 100w\" sizes=\"auto, (max-width: 767px) 89vw, (max-width: 1000px) 54vw, (max-width: 1071px) 543px, 580px\" \/><\/figure>\n<\/div>\n\n\n\n<div class=\"wp-block-column is-layout-flow wp-block-column-is-layout-flow\">\n<figure class=\"wp-block-image size-full\"><img loading=\"lazy\" decoding=\"async\" width=\"799\" height=\"800\" src=\"https:\/\/kunstindetuin.com\/wp-content\/uploads\/2024\/05\/xonderzettersbluegold1_edited.jpg\" alt=\"\" class=\"wp-image-1890\" srcset=\"https:\/\/kunstindetuin.com\/wp-content\/uploads\/2024\/05\/xonderzettersbluegold1_edited.jpg 799w, https:\/\/kunstindetuin.com\/wp-content\/uploads\/2024\/05\/xonderzettersbluegold1_edited-300x300.jpg 300w, https:\/\/kunstindetuin.com\/wp-content\/uploads\/2024\/05\/xonderzettersbluegold1_edited-150x150.jpg 150w, https:\/\/kunstindetuin.com\/wp-content\/uploads\/2024\/05\/xonderzettersbluegold1_edited-768x769.jpg 768w, https:\/\/kunstindetuin.com\/wp-content\/uploads\/2024\/05\/xonderzettersbluegold1_edited-100x100.jpg 100w\" sizes=\"auto, (max-width: 767px) 89vw, (max-width: 1000px) 54vw, (max-width: 1071px) 543px, 580px\" \/><\/figure>\n<\/div>\n<\/div>\n\n\n\n<p class=\"has-small-font-size\">Ik maak kunst gerelateerde producten zoals unieke handgemaakte onderzetters, abstracte schilderijen&nbsp;op canvas, hout en keramiek in hoogwaardige kwaliteit. <br>De acrylgegoten bijzettafels zijn echte blikvangers voor je interieur.<br>Website: <a href=\"https:\/\/suzanneartcreations.nl\/\">Suzanne art creations<\/a><br>Instagram&nbsp;<a href=\"https:\/\/www.instagram.com\/suzanneartcreations\/\" target=\"_blank\" rel=\"noreferrer noopener\">Suzanne art creations<\/a><\/p>\n\n\n\n<hr class=\"wp-block-separator has-alpha-channel-opacity is-style-wide\"\/>\n\n\n\n<p><strong>LUTGER HALBE<\/strong><br><em>Hout met tiffany<\/em><\/p>\n\n\n\n<div class=\"wp-block-columns is-layout-flex wp-container-core-columns-is-layout-9d6595d7 wp-block-columns-is-layout-flex\">\n<div class=\"wp-block-column is-layout-flow wp-block-column-is-layout-flow\">\n<figure class=\"wp-block-image size-large\"><img loading=\"lazy\" decoding=\"async\" width=\"1024\" height=\"768\" src=\"https:\/\/kunstindetuin.com\/wp-content\/uploads\/2025\/05\/IMG-20250126-WA0010-1-1024x768.jpg\" alt=\"\" class=\"wp-image-2291\" srcset=\"https:\/\/kunstindetuin.com\/wp-content\/uploads\/2025\/05\/IMG-20250126-WA0010-1-1024x768.jpg 1024w, https:\/\/kunstindetuin.com\/wp-content\/uploads\/2025\/05\/IMG-20250126-WA0010-1-300x225.jpg 300w, https:\/\/kunstindetuin.com\/wp-content\/uploads\/2025\/05\/IMG-20250126-WA0010-1-768x576.jpg 768w, https:\/\/kunstindetuin.com\/wp-content\/uploads\/2025\/05\/IMG-20250126-WA0010-1-1536x1152.jpg 1536w, https:\/\/kunstindetuin.com\/wp-content\/uploads\/2025\/05\/IMG-20250126-WA0010-1.jpg 2016w\" sizes=\"auto, (max-width: 767px) 89vw, (max-width: 1000px) 54vw, (max-width: 1071px) 543px, 580px\" \/><\/figure>\n<\/div>\n\n\n\n<div class=\"wp-block-column is-layout-flow wp-block-column-is-layout-flow\">\n<figure class=\"wp-block-image size-full\"><img loading=\"lazy\" decoding=\"async\" width=\"356\" height=\"273\" src=\"https:\/\/kunstindetuin.com\/wp-content\/uploads\/2025\/05\/cropped-Logo.jpg\" alt=\"\" class=\"wp-image-2292\" srcset=\"https:\/\/kunstindetuin.com\/wp-content\/uploads\/2025\/05\/cropped-Logo.jpg 356w, https:\/\/kunstindetuin.com\/wp-content\/uploads\/2025\/05\/cropped-Logo-300x230.jpg 300w\" sizes=\"auto, (max-width: 356px) 100vw, 356px\" \/><\/figure>\n<\/div>\n<\/div>\n\n\n\n<p class=\"has-small-font-size\">Hout is voor mij een heel bijzonder materiaal is. Het biedt talloze ontwerpmogelijkheden en kan, zelfs na tientallen jaren van intensief gebruik, met een beetje verzorging een nieuwe glans \u2013 of zelfs een geheel nieuwe bestemming \u2013 krijgen.<br>Een paar jaar geleden ben ik begonnen met het verzamelen van strandhout. Strandhout heeft namelijk een bijzondere structuur, een aparte nerf en door de golfslag een heel uniek karakter. Hier zou ik met mijn hobby timmeren wel iets moois van kunnen maken!<br>Kort daarna stuitte ik op Tiffanyglas en ik vond het mooi hoe het oppervlak en het kleurenspel op de nerf van hout leken. Ik dacht bij mezelf: dat zou toch geweldig samen staan!<br>Naast strandhout uit de Oostzee en de Noordzee gebruik ik ook bijzondere stukken hout uit de omgeving, bijvoorbeeld planken en balken van een 250 jaar oud vakwerkhuis of verweerde schuttingpalen van eiken- en vlierhout.<br>Website: <a href=\"https:\/\/tiffany-holz.de\/\">Tiffany-Holz<\/a><\/p>\n\n\n\n<hr class=\"wp-block-separator has-alpha-channel-opacity is-style-wide\"\/>\n\n\n\n<p><strong>SANNE HANSSEN<\/strong><br><em>Edelsmeedkunst, zilveren sieraden in combinatie met edelstenen<\/em><\/p>\n\n\n\n<div class=\"wp-block-columns is-layout-flex wp-container-core-columns-is-layout-9d6595d7 wp-block-columns-is-layout-flex\">\n<div class=\"wp-block-column is-layout-flow wp-block-column-is-layout-flow\">\n<figure class=\"wp-block-image size-large\"><img loading=\"lazy\" decoding=\"async\" width=\"1024\" height=\"1024\" src=\"https:\/\/kunstindetuin.com\/wp-content\/uploads\/2025\/05\/270-1024x1024.jpg\" alt=\"\" class=\"wp-image-2294\" srcset=\"https:\/\/kunstindetuin.com\/wp-content\/uploads\/2025\/05\/270-1024x1024.jpg 1024w, https:\/\/kunstindetuin.com\/wp-content\/uploads\/2025\/05\/270-300x300.jpg 300w, https:\/\/kunstindetuin.com\/wp-content\/uploads\/2025\/05\/270-150x150.jpg 150w, https:\/\/kunstindetuin.com\/wp-content\/uploads\/2025\/05\/270-768x768.jpg 768w, https:\/\/kunstindetuin.com\/wp-content\/uploads\/2025\/05\/270-100x100.jpg 100w, https:\/\/kunstindetuin.com\/wp-content\/uploads\/2025\/05\/270.jpg 1080w\" sizes=\"auto, (max-width: 767px) 89vw, (max-width: 1000px) 54vw, (max-width: 1071px) 543px, 580px\" \/><\/figure>\n<\/div>\n\n\n\n<div class=\"wp-block-column is-layout-flow wp-block-column-is-layout-flow\">\n<figure class=\"wp-block-image size-large\"><img loading=\"lazy\" decoding=\"async\" width=\"1024\" height=\"1024\" src=\"https:\/\/kunstindetuin.com\/wp-content\/uploads\/2025\/05\/379-1024x1024.jpg\" alt=\"\" class=\"wp-image-2295\" srcset=\"https:\/\/kunstindetuin.com\/wp-content\/uploads\/2025\/05\/379-1024x1024.jpg 1024w, https:\/\/kunstindetuin.com\/wp-content\/uploads\/2025\/05\/379-300x300.jpg 300w, https:\/\/kunstindetuin.com\/wp-content\/uploads\/2025\/05\/379-150x150.jpg 150w, https:\/\/kunstindetuin.com\/wp-content\/uploads\/2025\/05\/379-768x768.jpg 768w, https:\/\/kunstindetuin.com\/wp-content\/uploads\/2025\/05\/379-100x100.jpg 100w, https:\/\/kunstindetuin.com\/wp-content\/uploads\/2025\/05\/379.jpg 1080w\" sizes=\"auto, (max-width: 767px) 89vw, (max-width: 1000px) 54vw, (max-width: 1071px) 543px, 580px\" \/><\/figure>\n<\/div>\n\n\n\n<div class=\"wp-block-column is-layout-flow wp-block-column-is-layout-flow\">\n<figure class=\"wp-block-image size-large\"><img loading=\"lazy\" decoding=\"async\" width=\"1024\" height=\"1024\" src=\"https:\/\/kunstindetuin.com\/wp-content\/uploads\/2025\/05\/253-1024x1024.jpg\" alt=\"\" class=\"wp-image-2296\" srcset=\"https:\/\/kunstindetuin.com\/wp-content\/uploads\/2025\/05\/253-1024x1024.jpg 1024w, https:\/\/kunstindetuin.com\/wp-content\/uploads\/2025\/05\/253-300x300.jpg 300w, https:\/\/kunstindetuin.com\/wp-content\/uploads\/2025\/05\/253-150x150.jpg 150w, https:\/\/kunstindetuin.com\/wp-content\/uploads\/2025\/05\/253-768x768.jpg 768w, https:\/\/kunstindetuin.com\/wp-content\/uploads\/2025\/05\/253-100x100.jpg 100w, https:\/\/kunstindetuin.com\/wp-content\/uploads\/2025\/05\/253.jpg 1080w\" sizes=\"auto, (max-width: 767px) 89vw, (max-width: 1000px) 54vw, (max-width: 1071px) 543px, 580px\" \/><\/figure>\n<\/div>\n<\/div>\n\n\n\n<p class=\"has-small-font-size\">Ik ben Sanne Hanssen, geboren en getogen in Kerkrade, dus echt ee Kirchroadsj me\u00ebdje, zoals ze hier in Zuid-Limburg zouden zeggen. Ik ben een creatieve duizendpoot en pak alles aan wat ook maar iets met cre\u00ebren te maken heeft zoals digitaal tekenen &amp; ontwerpen. Ik zoek graag de &#8216;know-hows&#8217; van verschillende technieken tot op de bodem uit, om daarna een prachtig resultaat neer te zetten.<br>Met al deze creatieve vaardigheden legt ze zich nu in haar atelier tot op het edelsmeden (zilver en goud) en het maken van zilveren sieraden.<br>Website: <strong>&nbsp;<\/strong><a href=\"http:\/\/www.creangle.nl\/\" target=\"_blank\" rel=\"noreferrer noopener\">Creangle<\/a><strong>&nbsp;<\/strong><br>Facebook: <a href=\"https:\/\/www.facebook.com\/Creangle\" target=\"_blank\" rel=\"noreferrer noopener\">Creangle<\/a>&nbsp;<\/p>\n\n\n\n<hr class=\"wp-block-separator has-alpha-channel-opacity is-style-wide\"\/>\n\n\n\n<p><strong>LOEK DE LA HAYE<\/strong><br><em>Grafiek in combinatie met mixed media \/ ecoprints (natuurdrukken)<\/em><\/p>\n\n\n\n<div class=\"wp-block-columns is-layout-flex wp-container-core-columns-is-layout-9d6595d7 wp-block-columns-is-layout-flex\">\n<div class=\"wp-block-column is-layout-flow wp-block-column-is-layout-flow\">\n<figure class=\"wp-block-image size-large\"><img loading=\"lazy\" decoding=\"async\" width=\"1024\" height=\"1024\" src=\"https:\/\/kunstindetuin.com\/wp-content\/uploads\/2024\/05\/2020_02-FCS-1024x1024.jpg\" alt=\"\" class=\"wp-image-1892\" srcset=\"https:\/\/kunstindetuin.com\/wp-content\/uploads\/2024\/05\/2020_02-FCS-1024x1024.jpg 1024w, https:\/\/kunstindetuin.com\/wp-content\/uploads\/2024\/05\/2020_02-FCS-300x300.jpg 300w, https:\/\/kunstindetuin.com\/wp-content\/uploads\/2024\/05\/2020_02-FCS-150x150.jpg 150w, https:\/\/kunstindetuin.com\/wp-content\/uploads\/2024\/05\/2020_02-FCS-768x768.jpg 768w, https:\/\/kunstindetuin.com\/wp-content\/uploads\/2024\/05\/2020_02-FCS-100x100.jpg 100w, https:\/\/kunstindetuin.com\/wp-content\/uploads\/2024\/05\/2020_02-FCS.jpg 1358w\" sizes=\"auto, (max-width: 767px) 89vw, (max-width: 1000px) 54vw, (max-width: 1071px) 543px, 580px\" \/><\/figure>\n<\/div>\n\n\n\n<div class=\"wp-block-column is-layout-flow wp-block-column-is-layout-flow\">\n<figure class=\"wp-block-image size-large\"><img loading=\"lazy\" decoding=\"async\" width=\"1024\" height=\"1024\" src=\"https:\/\/kunstindetuin.com\/wp-content\/uploads\/2024\/05\/202111_DSC5008-USED-EXPO-2023-1024x1024.jpg\" alt=\"\" class=\"wp-image-1893\" srcset=\"https:\/\/kunstindetuin.com\/wp-content\/uploads\/2024\/05\/202111_DSC5008-USED-EXPO-2023-1024x1024.jpg 1024w, https:\/\/kunstindetuin.com\/wp-content\/uploads\/2024\/05\/202111_DSC5008-USED-EXPO-2023-300x300.jpg 300w, https:\/\/kunstindetuin.com\/wp-content\/uploads\/2024\/05\/202111_DSC5008-USED-EXPO-2023-150x150.jpg 150w, https:\/\/kunstindetuin.com\/wp-content\/uploads\/2024\/05\/202111_DSC5008-USED-EXPO-2023-768x768.jpg 768w, https:\/\/kunstindetuin.com\/wp-content\/uploads\/2024\/05\/202111_DSC5008-USED-EXPO-2023-1536x1536.jpg 1536w, https:\/\/kunstindetuin.com\/wp-content\/uploads\/2024\/05\/202111_DSC5008-USED-EXPO-2023-100x100.jpg 100w, https:\/\/kunstindetuin.com\/wp-content\/uploads\/2024\/05\/202111_DSC5008-USED-EXPO-2023.jpg 1900w\" sizes=\"auto, (max-width: 767px) 89vw, (max-width: 1000px) 54vw, (max-width: 1071px) 543px, 580px\" \/><\/figure>\n<\/div>\n\n\n\n<div class=\"wp-block-column is-layout-flow wp-block-column-is-layout-flow\">\n<figure class=\"wp-block-image size-large\"><img loading=\"lazy\" decoding=\"async\" width=\"1024\" height=\"1024\" src=\"https:\/\/kunstindetuin.com\/wp-content\/uploads\/2024\/05\/2024-Fritzcat02-1024x1024.jpg\" alt=\"\" class=\"wp-image-1894\" srcset=\"https:\/\/kunstindetuin.com\/wp-content\/uploads\/2024\/05\/2024-Fritzcat02-1024x1024.jpg 1024w, https:\/\/kunstindetuin.com\/wp-content\/uploads\/2024\/05\/2024-Fritzcat02-300x300.jpg 300w, https:\/\/kunstindetuin.com\/wp-content\/uploads\/2024\/05\/2024-Fritzcat02-150x150.jpg 150w, https:\/\/kunstindetuin.com\/wp-content\/uploads\/2024\/05\/2024-Fritzcat02-768x768.jpg 768w, https:\/\/kunstindetuin.com\/wp-content\/uploads\/2024\/05\/2024-Fritzcat02-100x100.jpg 100w, https:\/\/kunstindetuin.com\/wp-content\/uploads\/2024\/05\/2024-Fritzcat02.jpg 1087w\" sizes=\"auto, (max-width: 767px) 89vw, (max-width: 1000px) 54vw, (max-width: 1071px) 543px, 580px\" \/><\/figure>\n<\/div>\n<\/div>\n\n\n\n<p class=\"has-small-font-size\">Ik omschrijf mij zelf graag als een kunstenaar die fotografie gebruikt om kunst te maken. Die passie voor het fotografische beeld was er al zeer vroeg in mijn leven. <br>Met het beschikbaar komen van digitale fotografie en de technische ontwikkelingen op het gebied van inkjetprinters, viel alles op zijn plaats. Het was nu mogelijk om mijn eigen kleurrijke wereld te cre\u00ebren. Een gemaakte werkelijkheid, soms figuratief, soms abstract. Ik gebruik foto\u2019s, tekeningen, aquarelverf en potloden om met behulp van een computer mijn uiteindelijke compositie samen te stellen. Ik druk mijn werk in eigen atelier op een groot-formaat printer, op materialen van museum kwaliteit.<br>Voor mijn kunst laat ik mij leiden door de natuur. De vele vormen, kleuren, details en texturen zijn fascinerend en een enorme inspiratiebron.<br>Website: <a href=\"https:\/\/www.fritzcatstudios.nl\/\">Fritzcatstudios<\/a><\/p>\n\n\n\n<hr class=\"wp-block-separator has-alpha-channel-opacity is-style-wide\"\/>\n\n\n\n<p><strong>CARLA HEMMES<\/strong><br><em>&nbsp;Keramiek en wandkleden van vilt<\/em><\/p>\n\n\n\n<div class=\"wp-block-columns is-layout-flex wp-container-core-columns-is-layout-9d6595d7 wp-block-columns-is-layout-flex\">\n<div class=\"wp-block-column is-layout-flow wp-block-column-is-layout-flow\">\n<figure class=\"wp-block-image size-large\"><img loading=\"lazy\" decoding=\"async\" width=\"1024\" height=\"768\" src=\"https:\/\/kunstindetuin.com\/wp-content\/uploads\/2025\/05\/Hemmes1-1024x768.jpg\" alt=\"\" class=\"wp-image-2300\" srcset=\"https:\/\/kunstindetuin.com\/wp-content\/uploads\/2025\/05\/Hemmes1-1024x768.jpg 1024w, https:\/\/kunstindetuin.com\/wp-content\/uploads\/2025\/05\/Hemmes1-300x225.jpg 300w, https:\/\/kunstindetuin.com\/wp-content\/uploads\/2025\/05\/Hemmes1-768x576.jpg 768w, https:\/\/kunstindetuin.com\/wp-content\/uploads\/2025\/05\/Hemmes1-1536x1152.jpg 1536w, https:\/\/kunstindetuin.com\/wp-content\/uploads\/2025\/05\/Hemmes1-2048x1536.jpg 2048w\" sizes=\"auto, (max-width: 767px) 89vw, (max-width: 1000px) 54vw, (max-width: 1071px) 543px, 580px\" \/><\/figure>\n<\/div>\n\n\n\n<div class=\"wp-block-column is-layout-flow wp-block-column-is-layout-flow\">\n<figure class=\"wp-block-image size-large is-resized\"><img loading=\"lazy\" decoding=\"async\" width=\"768\" height=\"1024\" src=\"https:\/\/kunstindetuin.com\/wp-content\/uploads\/2025\/05\/Hemmes3-768x1024.jpg\" alt=\"\" class=\"wp-image-2301\" style=\"width:239px;height:auto\" srcset=\"https:\/\/kunstindetuin.com\/wp-content\/uploads\/2025\/05\/Hemmes3-768x1024.jpg 768w, https:\/\/kunstindetuin.com\/wp-content\/uploads\/2025\/05\/Hemmes3-225x300.jpg 225w, https:\/\/kunstindetuin.com\/wp-content\/uploads\/2025\/05\/Hemmes3-1152x1536.jpg 1152w, https:\/\/kunstindetuin.com\/wp-content\/uploads\/2025\/05\/Hemmes3-1536x2048.jpg 1536w, https:\/\/kunstindetuin.com\/wp-content\/uploads\/2025\/05\/Hemmes3-scaled.jpg 1920w\" sizes=\"auto, (max-width: 767px) 89vw, (max-width: 1000px) 54vw, (max-width: 1071px) 543px, 580px\" \/><\/figure>\n<\/div>\n<\/div>\n\n\n\n<p class=\"has-small-font-size\">Carla heeft al 26 jaar ervaring met het maken van keramiek.<br>Daarnaast maakt ze sinds een jaar of drie ook prachtige wandkleden van vilt.<\/p>\n\n\n\n<hr class=\"wp-block-separator has-alpha-channel-opacity is-style-wide\"\/>\n\n\n\n<p><strong>MISHECK HUNI<\/strong><br><em>Vogels van hout, dieren en vogels van metaal<\/em><\/p>\n\n\n\n<div class=\"wp-block-columns is-layout-flex wp-container-core-columns-is-layout-9d6595d7 wp-block-columns-is-layout-flex\">\n<div class=\"wp-block-column is-layout-flow wp-block-column-is-layout-flow\">\n<figure class=\"wp-block-image size-large\"><img loading=\"lazy\" decoding=\"async\" width=\"768\" height=\"1024\" src=\"https:\/\/kunstindetuin.com\/wp-content\/uploads\/2024\/05\/Bee-on-sunflower-1-768x1024.jpg\" alt=\"\" class=\"wp-image-1908\" srcset=\"https:\/\/kunstindetuin.com\/wp-content\/uploads\/2024\/05\/Bee-on-sunflower-1-768x1024.jpg 768w, https:\/\/kunstindetuin.com\/wp-content\/uploads\/2024\/05\/Bee-on-sunflower-1-225x300.jpg 225w, https:\/\/kunstindetuin.com\/wp-content\/uploads\/2024\/05\/Bee-on-sunflower-1-1152x1536.jpg 1152w, https:\/\/kunstindetuin.com\/wp-content\/uploads\/2024\/05\/Bee-on-sunflower-1-1536x2048.jpg 1536w, https:\/\/kunstindetuin.com\/wp-content\/uploads\/2024\/05\/Bee-on-sunflower-1.jpg 1920w\" sizes=\"auto, (max-width: 767px) 89vw, (max-width: 1000px) 54vw, (max-width: 1071px) 543px, 580px\" \/><\/figure>\n<\/div>\n\n\n\n<div class=\"wp-block-column is-layout-flow wp-block-column-is-layout-flow\">\n<figure class=\"wp-block-image size-large\"><img loading=\"lazy\" decoding=\"async\" width=\"821\" height=\"1024\" src=\"https:\/\/kunstindetuin.com\/wp-content\/uploads\/2024\/05\/Set-of-4-woodenbird-Kingfishers-821x1024.jpg\" alt=\"\" class=\"wp-image-1909\" srcset=\"https:\/\/kunstindetuin.com\/wp-content\/uploads\/2024\/05\/Set-of-4-woodenbird-Kingfishers-821x1024.jpg 821w, https:\/\/kunstindetuin.com\/wp-content\/uploads\/2024\/05\/Set-of-4-woodenbird-Kingfishers-241x300.jpg 241w, https:\/\/kunstindetuin.com\/wp-content\/uploads\/2024\/05\/Set-of-4-woodenbird-Kingfishers-768x958.jpg 768w, https:\/\/kunstindetuin.com\/wp-content\/uploads\/2024\/05\/Set-of-4-woodenbird-Kingfishers-1232x1536.jpg 1232w, https:\/\/kunstindetuin.com\/wp-content\/uploads\/2024\/05\/Set-of-4-woodenbird-Kingfishers-1643x2048.jpg 1643w, https:\/\/kunstindetuin.com\/wp-content\/uploads\/2024\/05\/Set-of-4-woodenbird-Kingfishers.jpg 1920w\" sizes=\"auto, (max-width: 767px) 89vw, (max-width: 1000px) 54vw, (max-width: 1071px) 543px, 580px\" \/><\/figure>\n<\/div>\n\n\n\n<div class=\"wp-block-column is-layout-flow wp-block-column-is-layout-flow\">\n<figure class=\"wp-block-image size-large\"><img loading=\"lazy\" decoding=\"async\" width=\"763\" height=\"1024\" src=\"https:\/\/kunstindetuin.com\/wp-content\/uploads\/2024\/05\/Hen-red-side-763x1024.jpg\" alt=\"\" class=\"wp-image-1910\" srcset=\"https:\/\/kunstindetuin.com\/wp-content\/uploads\/2024\/05\/Hen-red-side-763x1024.jpg 763w, https:\/\/kunstindetuin.com\/wp-content\/uploads\/2024\/05\/Hen-red-side-224x300.jpg 224w, https:\/\/kunstindetuin.com\/wp-content\/uploads\/2024\/05\/Hen-red-side-768x1031.jpg 768w, https:\/\/kunstindetuin.com\/wp-content\/uploads\/2024\/05\/Hen-red-side-1144x1536.jpg 1144w, https:\/\/kunstindetuin.com\/wp-content\/uploads\/2024\/05\/Hen-red-side-1526x2048.jpg 1526w, https:\/\/kunstindetuin.com\/wp-content\/uploads\/2024\/05\/Hen-red-side-scaled.jpg 1907w\" sizes=\"auto, (max-width: 706px) 89vw, (max-width: 767px) 82vw, 740px\" \/><\/figure>\n<\/div>\n<\/div>\n\n\n\n<p class=\"has-small-font-size\"><br>Kijk vooral eens op onderstaande Instagrampagina en laat je verrassen door deze Afrikaanse kunst<br>Mijn kunstdiscipline binnen Afrisculpts richt zich op metalen sculpturen, met een speciale nadruk op vogels.<br>Ook maak ik houten vogeltjes die zijn gemaakt van hout van de Jacarandaboom.<br>Instagram: <a href=\"http:\/\/afrisculpts_art\">Afrisculpts_art<\/a><\/p>\n\n\n\n<hr class=\"wp-block-separator has-alpha-channel-opacity is-style-wide\"\/>\n","protected":false},"excerpt":{"rendered":"<p>INKI EN TOINE VAN EIJSGrafisch werk Een echtpaar dat creatief aan de weg timmert komt maar zelden voor.Het grafische werk is een ambachtelijke techniek en is daarmee uniek, anders dan digitale programma\u2019s die ooktoegepast worden.De vrije grafiek is de verzamelnaam voor een aantal druktechnieken &#8211; zoals etsen, zeefdruk houtgravure, lino en litho &#8211; veelal op &hellip; <\/p>\n<p class=\"link-more\"><a href=\"https:\/\/kunstindetuin.com\/?page_id=98\" class=\"more-link\">Lees verder <span class=\"screen-reader-text\">&#8220;Kunstenaars E t\/m H&#8221;<\/span><\/a><\/p>\n","protected":false},"author":2,"featured_media":0,"parent":48,"menu_order":0,"comment_status":"closed","ping_status":"closed","template":"","meta":{"footnotes":""},"class_list":["post-98","page","type-page","status-publish","hentry"],"_links":{"self":[{"href":"https:\/\/kunstindetuin.com\/index.php?rest_route=\/wp\/v2\/pages\/98","targetHints":{"allow":["GET"]}}],"collection":[{"href":"https:\/\/kunstindetuin.com\/index.php?rest_route=\/wp\/v2\/pages"}],"about":[{"href":"https:\/\/kunstindetuin.com\/index.php?rest_route=\/wp\/v2\/types\/page"}],"author":[{"embeddable":true,"href":"https:\/\/kunstindetuin.com\/index.php?rest_route=\/wp\/v2\/users\/2"}],"replies":[{"embeddable":true,"href":"https:\/\/kunstindetuin.com\/index.php?rest_route=%2Fwp%2Fv2%2Fcomments&post=98"}],"version-history":[{"count":108,"href":"https:\/\/kunstindetuin.com\/index.php?rest_route=\/wp\/v2\/pages\/98\/revisions"}],"predecessor-version":[{"id":2431,"href":"https:\/\/kunstindetuin.com\/index.php?rest_route=\/wp\/v2\/pages\/98\/revisions\/2431"}],"up":[{"embeddable":true,"href":"https:\/\/kunstindetuin.com\/index.php?rest_route=\/wp\/v2\/pages\/48"}],"wp:attachment":[{"href":"https:\/\/kunstindetuin.com\/index.php?rest_route=%2Fwp%2Fv2%2Fmedia&parent=98"}],"curies":[{"name":"wp","href":"https:\/\/api.w.org\/{rel}","templated":true}]}}